{"id":80310,"date":"2019-07-24T15:48:25","date_gmt":"2019-07-24T13:48:25","guid":{"rendered":"https:\/\/www.ecurie-christel-boulard.fr\/privacy-policy\/"},"modified":"2022-12-08T11:58:55","modified_gmt":"2022-12-08T10:58:55","slug":"privacy-policy","status":"publish","type":"page","link":"https:\/\/www.ecurie-christel-boulard.fr\/en\/privacy-policy\/","title":{"rendered":"Privacy Policy"},"content":{"rendered":"<div class=\"wpb-content-wrapper\">[vc_row][vc_column][vc_column_text text_color=&#8221;color-146390&#8243; uncode_shortcode_id=&#8221;207840&#8243; text_color_type=&#8221;uncode-palette&#8221;]<strong><\/p>\n&#13;\n<h2 class=\"wp-block-heading\">Who are we?<\/h2>&#13;\n<p><\/p>L\u2019adresse de notre site Web est : www.ecurie-christel-boulard.fr\r\n<p>&nbsp;<\/p>\n&#13;\n<h2 class=\"wp-block-heading\">Use of personal data collected<\/h2>&#13;\n<p>&nbsp;<\/p>\n&#13;\n<h3 class=\"wp-block-heading\">Comments<\/h3>&#13;\n<p><\/p>Quand vous laissez un commentaire sur notre site web, les donn\u00e9es inscrites dans le formulaire de commentaire, mais aussi votre adresse IP et l\u2019agent utilisateur de votre navigateur sont collect\u00e9s pour nous aider \u00e0 la d\u00e9tection des commentaires ind\u00e9sirables.&#13;\n<p><\/p>Une cha\u00eene anonymis\u00e9e cr\u00e9\u00e9e \u00e0 partir de votre adresse de messagerie (\u00e9galement appel\u00e9e hash) peut \u00eatre envoy\u00e9e au service Gravatar pour v\u00e9rifier si vous utilisez ce dernier. Les clauses de confidentialit\u00e9 du service Gravatar sont disponibles ici\u00a0: https:\/\/automattic.com\/privacy\/. Apr\u00e8s validation de votre commentaire, votre photo de profil sera visible publiquement \u00e0 cot\u00e9 de votre commentaire.\r\n<p>&nbsp;<\/p>\n&#13;\n<h3 class=\"wp-block-heading\">Media<\/h3>&#13;\n<p><\/p>Si vous \u00eates un utilisateur ou une utilisatrice enregistr\u00e9\u00b7e et que vous t\u00e9l\u00e9versez des images sur le site web, nous vous conseillons d\u2019\u00e9viter de t\u00e9l\u00e9verser des images contenant des donn\u00e9es EXIF de coordonn\u00e9es GPS. Les visiteurs de votre site web peuvent t\u00e9l\u00e9charger et extraire des donn\u00e9es de localisation depuis ces images.\r\n<p>&nbsp;<\/p>\n&#13;\n<h3 class=\"wp-block-heading\">Contact forms<\/h3>&#13;\n<p>&nbsp;<\/p>\n&#13;\n<h3 class=\"wp-block-heading\">Cookies<\/h3>&#13;\n<p><\/p>Si vous d\u00e9posez un commentaire sur notre site, il vous sera propos\u00e9 d\u2019enregistrer votre nom, adresse de messagerie et site web dans des cookies. C\u2019est uniquement pour votre confort afin de ne pas avoir \u00e0 saisir ces informations si vous d\u00e9posez un autre commentaire plus tard. Ces cookies expirent au bout d\u2019un an.&#13;\n<p><\/p>Si vous vous rendez sur la page de connexion, un cookie temporaire sera cr\u00e9\u00e9 afin de d\u00e9terminer si votre navigateur accepte les cookies. Il ne contient pas de donn\u00e9es personnelles et sera supprim\u00e9 automatiquement \u00e0 la fermeture de votre navigateur.&#13;\n<p><\/p>Lorsque vous vous connecterez, nous mettrons en place un certain nombre de cookies pour enregistrer vos informations de connexion et vos pr\u00e9f\u00e9rences d\u2019\u00e9cran. La dur\u00e9e de vie d\u2019un cookie de connexion est de deux jours, celle d\u2019un cookie d\u2019option d\u2019\u00e9cran est d\u2019un an. Si vous cochez \u00ab\u00a0Se souvenir de moi\u00a0\u00bb, votre cookie de connexion sera conserv\u00e9 pendant deux semaines. Si vous vous d\u00e9connectez de votre compte, le cookie de connexion sera effac\u00e9.&#13;\n<p><\/p>En modifiant ou en publiant une publication, un cookie suppl\u00e9mentaire sera enregistr\u00e9 dans votre navigateur. Ce cookie ne comprend aucune donn\u00e9e personnelle. Il indique simplement l\u2019ID de la publication que vous venez de modifier. Il expire au bout d\u2019un jour.\r\n<p>&nbsp;<\/p>\n&#13;\n<h3 class=\"wp-block-heading\">Embedded content from other sites<\/h3>&#13;\n<p><\/p>Les articles de ce site peuvent inclure des contenus int\u00e9gr\u00e9s (par exemple des vid\u00e9os, images, articles\u2026). Le contenu int\u00e9gr\u00e9 depuis d\u2019autres sites se comporte de la m\u00eame mani\u00e8re que si le visiteur se rendait sur cet autre site.&#13;\n<p><\/p>Ces sites web pourraient collecter des donn\u00e9es sur vous, utiliser des cookies, embarquer des outils de suivis tiers, suivre vos interactions avec ces contenus embarqu\u00e9s si vous disposez d\u2019un compte connect\u00e9 sur leur site web.\r\n<p>&nbsp;<\/p>\n&#13;\n<h3 class=\"wp-block-heading\">Statistics and audience measurement<\/h3>&#13;\n<p>&nbsp;<\/p>\n&#13;\n<h2 class=\"wp-block-heading\">Use and transmission of your personal data<\/h2>&#13;\n<p>&nbsp;<\/p>\n&#13;\n<h2 class=\"wp-block-heading\">How long your data is stored<\/h2>&#13;\n<p><\/p>Si vous laissez un commentaire, le commentaire et ses m\u00e9tadonn\u00e9es sont conserv\u00e9s ind\u00e9finiment. Cela permet de reconna\u00eetre et approuver automatiquement les commentaires suivants au lieu de les laisser dans la file de mod\u00e9ration.&#13;\n<p><\/p>Pour les utilisateurs et utilisatrices qui s\u2019enregistrent sur notre site (si cela est possible), nous stockons \u00e9galement les donn\u00e9es personnelles indiqu\u00e9es dans leur profil. Tous les utilisateurs et utilisatrices peuvent voir, modifier ou supprimer leurs informations personnelles \u00e0 tout moment (\u00e0 l\u2019exception de leur nom d\u2019utilisateur\u00b7ice). Les gestionnaires du site peuvent aussi voir et modifier ces informations.\r\n<p>&nbsp;<\/p>\n&#13;\n<h2 class=\"wp-block-heading\">The rights you have over your data<\/h2>&#13;\n<p><\/p>Si vous avez un compte ou si vous avez laiss\u00e9 des commentaires sur le site, vous pouvez demander \u00e0 recevoir un fichier contenant toutes les donn\u00e9es personnelles que nous poss\u00e9dons \u00e0 votre sujet, incluant celles que vous nous avez fournies. Vous pouvez \u00e9galement demander la suppression des donn\u00e9es personnelles vous concernant. Cela ne prend pas en compte les donn\u00e9es stock\u00e9es \u00e0 des fins administratives, l\u00e9gales ou pour des raisons de s\u00e9curit\u00e9.\r\n<p>&nbsp;<\/p>\n&#13;\n<h2 class=\"wp-block-heading\">Transmission of your personal data<\/h2>&#13;\n<p><\/p>Les commentaires des visiteurs peuvent \u00eatre v\u00e9rifi\u00e9s \u00e0 l\u2019aide d\u2019un service automatis\u00e9 de d\u00e9tection des commentaires ind\u00e9sirables.\r\n<p>&nbsp;<\/p>\n&#13;\n<h2 class=\"wp-block-heading\">Contact information<\/h2>&#13;\n<p>&nbsp;<\/p>\n&#13;\n<h2 class=\"wp-block-heading\">Additional information<\/h2>&#13;\n<p>&nbsp;<\/p>\n&#13;\n<h3 class=\"wp-block-heading\">How we protect your data<\/h3>&#13;\n<p>&nbsp;<\/p>\n&#13;\n<h3 class=\"wp-block-heading\">Procedures implemented in the event of a data leak<\/h3>&#13;\n<p>&nbsp;<\/p>\n&#13;\n<h3 class=\"wp-block-heading\">Third-party services that provide us with data<\/h3>&#13;\n<p>&nbsp;<\/p>\n&#13;\n<h3 class=\"wp-block-heading\">Automated marketing and\/or profiling operations carried out with the help of personal data<\/h3>&#13;\n<p>&nbsp;<\/p>\n&#13;\n<h3 class=\"wp-block-heading\">Display of information related to sectors subject to specific regulations<\/h3>&#13;\n<p>[\/vc_column_text][\/vc_column][\/vc_row][vc_row row_height_percent=&#8221;28&#8243; back_color=&#8221;color-146390&#8243; overlay_alpha=&#8221;50&#8243; gutter_size=&#8221;3&#8243; column_width_percent=&#8221;100&#8243; shift_y=&#8221;0&#8243; z_index=&#8221;0&#8243; uncode_shortcode_id=&#8221;577967&#8243; back_color_type=&#8221;uncode-palette&#8221;][vc_column width=&#8221;1\/4&#8243;][vc_single_image media=&#8221;78976&#8243; media_width_use_pixel=&#8221;yes&#8221; uncode_shortcode_id=&#8221;689315&#8243; media_width_pixel=&#8221;70&#8243; media_link=&#8221;url:https%3A%2F%2Fwww.ecurie-christel-boulard.fr%2F|title:Accueil&#8221;][vc_column_text text_color=&#8221;color-318182&#8243; uncode_shortcode_id=&#8221;848342&#8243; text_color_type=&#8221;uncode-palette&#8221; css=&#8221;.vc_custom_1670337786373{margin-top: -4px !important;}&#8221;]<strong>\u00c9curie Christel Boulard,<\/strong> a high level woman rider at your service.[\/vc_column_text][vc_custom_heading text_size=&#8221;h6&#8243; uncode_shortcode_id=&#8221;205464&#8243;]FIRST CLASS SHOW JUMPING RIDER SINCE 1995.[\/vc_custom_heading][\/vc_column][vc_column width=&#8221;1\/4&#8243;][vc_custom_heading text_color=&#8221;color-184698&#8243; heading_semantic=&#8221;h5&#8243; text_size=&#8221;h6&#8243; text_transform=&#8221;uppercase&#8221;]Address[\/vc_custom_heading][vc_column_text text_lead=&#8221;small&#8221; el_class=&#8221;txt_blanc&#8221; uncode_shortcode_id=&#8221;157867&#8243;]<i class=\"fa fa-map-marker fa-fw fa-lg\"><\/i>Domaine de la Bergenne<br \/>89240 Parly &#8211; Yonne<\/p>\n<p><strong>Phone +33 (0) 6 82 97 37 45 (Christel)<\/strong>[\/vc_column_text][vc_custom_heading text_color=&#8221;color-109262&#8243; text_size=&#8221;h6&#8243; uncode_shortcode_id=&#8221;771741&#8243; text_color_type=&#8221;uncode-palette&#8221;]- <a href=\"https:\/\/www.ecurie-christel-boulard.fr\/en\/the-riding-school\/\">RIDING SCHOOL<\/a><br \/>&#8211; <a href=\"https:\/\/www.ecurie-christel-boulard.fr\/en\/horses-ponies-boards\/\">HORSE &amp; PONY BOARDING<\/a>[\/vc_custom_heading][\/vc_column][vc_column width=&#8221;1\/4&#8243;][vc_custom_heading text_color=&#8221;color-184698&#8243; heading_semantic=&#8221;h5&#8243; text_size=&#8221;h6&#8243; text_transform=&#8221;uppercase&#8221;]INFORMATION[\/vc_custom_heading][uncode_list larger=&#8221;small&#8221; icon=&#8221;fa fa-caret-right&#8221; icon_color=&#8221;color-109262&#8243; uncode_shortcode_id=&#8221;285822&#8243; icon_color_type=&#8221;uncode-palette&#8221;]\n<ul>\n<li><a class=\"row-title\" href=\"https:\/\/www.ecurie-christel-boulard.fr\/en\/legal-information\/\" rel=\"nofollow\">legal information<\/a><\/li>\n<li><a class=\"row-title\" href=\"https:\/\/www.ecurie-christel-boulard.fr\/en\/privacy-policy\/\" rel=\"nofollow\">Privacy Policy<\/a><\/li>\n<li><a class=\"row-title\" href=\"https:\/\/www.ecurie-christel-boulard.fr\/en\/contact\/\">Contact<\/a><\/li>\n<\/ul>\n<p>[\/uncode_list][vc_custom_heading text_color=&#8221;color-109262&#8243; text_size=&#8221;h6&#8243; uncode_shortcode_id=&#8221;659430&#8243; text_color_type=&#8221;uncode-palette&#8221;]- <a href=\"https:\/\/www.ecurie-christel-boulard.fr\/en\/professional-rider-course\/\">PRO RIDER TRAINING<\/a><br \/>&#8211; <a href=\"https:\/\/www.ecurie-christel-boulard.fr\/en\/cso-course-and-competitions\/\">TRAINING COURSES &amp; COMPETITIONS CSO<\/a><br \/>&#8211; <a href=\"#\">SALE OF HORSES<\/a>[\/vc_custom_heading][\/vc_column][vc_column width=&#8221;1\/4&#8243;][vc_custom_heading text_color=&#8221;color-184698&#8243; heading_semantic=&#8221;h5&#8243; text_size=&#8221;h6&#8243; text_transform=&#8221;uppercase&#8221; uncode_shortcode_id=&#8221;126097&#8243; text_color_type=&#8221;uncode-palette&#8221;]DESIGN[\/vc_custom_heading][vc_column_text]<a title=\"Agency L J &amp; C communication web print photo in Auxerre Yonne\" href=\"https:\/\/www.agence-ljc.com\/\"><img decoding=\"async\" src=\"https:\/\/www.agence-ljc.com\/logo_agence\/logo-web-ljc.png\" alt=\"Agency L J &amp; C communication web print photo in Auxerre Yonne\"><\/a>[\/vc_column_text][vc_custom_heading text_color=&#8221;color-184698&#8243; heading_semantic=&#8221;h5&#8243; text_size=&#8221;h6&#8243; text_transform=&#8221;uppercase&#8221; uncode_shortcode_id=&#8221;814434&#8243; text_color_type=&#8221;uncode-palette&#8221;]FOLLOW US[\/vc_custom_heading][uncode_socials size=&#8221;lead&#8221; el_class=&#8221;red&#8221;][\/vc_column][\/vc_row]<\/p>\n<\/div>","protected":false},"excerpt":{"rendered":"<p>[vc_row][vc_column][vc_column_text text_color=&#8221;color-146390&#8243; uncode_shortcode_id=&#8221;207840&#8243; text_color_type=&#8221;uncode-palette&#8221;] &#13; Who are we? &#13; L\u2019adresse de notre site Web est : www.ecurie-christel-boulard.fr &nbsp; &#13; Use [&hellip;]<\/p>\n","protected":false},"author":1,"featured_media":80133,"parent":0,"menu_order":10,"comment_status":"closed","ping_status":"closed","template":"","meta":{"footnotes":""},"class_list":["post-80310","page","type-page","status-publish","has-post-thumbnail","hentry","page_category-ljc-en"],"yoast_head":"<!-- This site is optimized with the Yoast SEO plugin v27.3 - https:\/\/yoast.com\/product\/yoast-seo-wordpress\/ -->\n<title>Privacy Policy - Ecurie Christel Boulard : Formation et valorisation des chevaux<\/title>\n<meta name=\"robots\" content=\"noindex, follow\" \/>\n<meta property=\"og:locale\" content=\"en_US\" \/>\n<meta property=\"og:type\" content=\"article\" \/>\n<meta property=\"og:title\" content=\"Privacy Policy - Ecurie Christel Boulard : Formation et valorisation des chevaux\" \/>\n<meta property=\"og:description\" content=\"[vc_row][vc_column][vc_column_text text_color=&#8221;color-146390&#8243; uncode_shortcode_id=&#8221;207840&#8243; text_color_type=&#8221;uncode-palette&#8221;] &#013; Who are we? &#013; L\u2019adresse de notre site Web est : www.ecurie-christel-boulard.fr &nbsp; &#013; Use [&hellip;]\" \/>\n<meta property=\"og:url\" content=\"https:\/\/www.ecurie-christel-boulard.fr\/en\/privacy-policy\/\" \/>\n<meta property=\"og:site_name\" content=\"Ecurie Christel Boulard : Formation et valorisation des chevaux\" \/>\n<meta property=\"article:publisher\" content=\"https:\/\/www.facebook.com\/christel.boulard\" \/>\n<meta property=\"article:modified_time\" content=\"2022-12-08T10:58:55+00:00\" \/>\n<meta property=\"og:image\" content=\"https:\/\/www.ecurie-christel-boulard.fr\/wp-content\/uploads\/2019\/07\/cropped-christelboulard-2.png\" \/>\n\t<meta property=\"og:image:width\" content=\"512\" \/>\n\t<meta property=\"og:image:height\" content=\"512\" \/>\n\t<meta property=\"og:image:type\" content=\"image\/png\" \/>\n<meta name=\"twitter:card\" content=\"summary_large_image\" \/>\n<meta name=\"twitter:label1\" content=\"Est. reading time\" \/>\n\t<meta name=\"twitter:data1\" content=\"6 minutes\" \/>\n<script type=\"application\/ld+json\" class=\"yoast-schema-graph\">{\"@context\":\"https:\\\/\\\/schema.org\",\"@graph\":[{\"@type\":\"WebPage\",\"@id\":\"https:\\\/\\\/www.ecurie-christel-boulard.fr\\\/en\\\/privacy-policy\\\/\",\"url\":\"https:\\\/\\\/www.ecurie-christel-boulard.fr\\\/en\\\/privacy-policy\\\/\",\"name\":\"Privacy Policy - Ecurie Christel Boulard : Formation et valorisation des chevaux\",\"isPartOf\":{\"@id\":\"https:\\\/\\\/www.ecurie-christel-boulard.fr\\\/en\\\/#website\"},\"primaryImageOfPage\":{\"@id\":\"https:\\\/\\\/www.ecurie-christel-boulard.fr\\\/en\\\/privacy-policy\\\/#primaryimage\"},\"image\":{\"@id\":\"https:\\\/\\\/www.ecurie-christel-boulard.fr\\\/en\\\/privacy-policy\\\/#primaryimage\"},\"thumbnailUrl\":\"https:\\\/\\\/www.ecurie-christel-boulard.fr\\\/wp-content\\\/uploads\\\/2019\\\/07\\\/cropped-christelboulard-2.png\",\"datePublished\":\"2019-07-24T13:48:25+00:00\",\"dateModified\":\"2022-12-08T10:58:55+00:00\",\"breadcrumb\":{\"@id\":\"https:\\\/\\\/www.ecurie-christel-boulard.fr\\\/en\\\/privacy-policy\\\/#breadcrumb\"},\"inLanguage\":\"en-US\",\"potentialAction\":[{\"@type\":\"ReadAction\",\"target\":[\"https:\\\/\\\/www.ecurie-christel-boulard.fr\\\/en\\\/privacy-policy\\\/\"]}]},{\"@type\":\"ImageObject\",\"inLanguage\":\"en-US\",\"@id\":\"https:\\\/\\\/www.ecurie-christel-boulard.fr\\\/en\\\/privacy-policy\\\/#primaryimage\",\"url\":\"https:\\\/\\\/www.ecurie-christel-boulard.fr\\\/wp-content\\\/uploads\\\/2019\\\/07\\\/cropped-christelboulard-2.png\",\"contentUrl\":\"https:\\\/\\\/www.ecurie-christel-boulard.fr\\\/wp-content\\\/uploads\\\/2019\\\/07\\\/cropped-christelboulard-2.png\",\"width\":512,\"height\":512},{\"@type\":\"BreadcrumbList\",\"@id\":\"https:\\\/\\\/www.ecurie-christel-boulard.fr\\\/en\\\/privacy-policy\\\/#breadcrumb\",\"itemListElement\":[{\"@type\":\"ListItem\",\"position\":1,\"name\":\"Accueil\",\"item\":\"https:\\\/\\\/www.ecurie-christel-boulard.fr\\\/en\\\/\"},{\"@type\":\"ListItem\",\"position\":2,\"name\":\"Privacy Policy\"}]},{\"@type\":\"WebSite\",\"@id\":\"https:\\\/\\\/www.ecurie-christel-boulard.fr\\\/en\\\/#website\",\"url\":\"https:\\\/\\\/www.ecurie-christel-boulard.fr\\\/en\\\/\",\"name\":\"Ecurie Christel Boulard : Formation et valorisation des chevaux\",\"description\":\"CHRISTEL BOULARD CAVALI\u00c8RE DE SAUTS D\u2019OBSTACLES DE PREMI\u00c8RE CAT\u00c9GORIE DEPUIS 1995\",\"publisher\":{\"@id\":\"https:\\\/\\\/www.ecurie-christel-boulard.fr\\\/en\\\/#organization\"},\"alternateName\":\"CHRISTEL BOULARD UNE CAVALIERE DE HAUT NIVEAU \u00c0 VOTRE SERVICE\",\"potentialAction\":[{\"@type\":\"SearchAction\",\"target\":{\"@type\":\"EntryPoint\",\"urlTemplate\":\"https:\\\/\\\/www.ecurie-christel-boulard.fr\\\/en\\\/?s={search_term_string}\"},\"query-input\":{\"@type\":\"PropertyValueSpecification\",\"valueRequired\":true,\"valueName\":\"search_term_string\"}}],\"inLanguage\":\"en-US\"},{\"@type\":\"Organization\",\"@id\":\"https:\\\/\\\/www.ecurie-christel-boulard.fr\\\/en\\\/#organization\",\"name\":\"Ecurie Christel Boulard\",\"alternateName\":\"CHRISTEL BOULARD UNE CAVALIERE DE HAUT NIVEAU \u00c0 VOTRE SERVICE\",\"url\":\"https:\\\/\\\/www.ecurie-christel-boulard.fr\\\/en\\\/\",\"logo\":{\"@type\":\"ImageObject\",\"inLanguage\":\"en-US\",\"@id\":\"https:\\\/\\\/www.ecurie-christel-boulard.fr\\\/en\\\/#\\\/schema\\\/logo\\\/image\\\/\",\"url\":\"https:\\\/\\\/www.ecurie-christel-boulard.fr\\\/wp-content\\\/uploads\\\/2022\\\/12\\\/Ecurie-Christel-Boulard-Formation-et-valorisation-des-chevaux-\u2013-CHRISTEL-BOULARD-CAVALIERE-DE-SAUTS-DOBSTACLES-DE-PREMIERE-CATEGORIE-DEPUIS-1995.jpg\",\"contentUrl\":\"https:\\\/\\\/www.ecurie-christel-boulard.fr\\\/wp-content\\\/uploads\\\/2022\\\/12\\\/Ecurie-Christel-Boulard-Formation-et-valorisation-des-chevaux-\u2013-CHRISTEL-BOULARD-CAVALIERE-DE-SAUTS-DOBSTACLES-DE-PREMIERE-CATEGORIE-DEPUIS-1995.jpg\",\"width\":1200,\"height\":525,\"caption\":\"Ecurie Christel Boulard\"},\"image\":{\"@id\":\"https:\\\/\\\/www.ecurie-christel-boulard.fr\\\/en\\\/#\\\/schema\\\/logo\\\/image\\\/\"},\"sameAs\":[\"https:\\\/\\\/www.facebook.com\\\/christel.boulard\",\"https:\\\/\\\/www.instagram.com\\\/christelboulard\\\/\"]}]}<\/script>\n<!-- \/ Yoast SEO plugin. -->","yoast_head_json":{"title":"Privacy Policy - Ecurie Christel Boulard : Formation et valorisation des chevaux","robots":{"index":"noindex","follow":"follow"},"og_locale":"en_US","og_type":"article","og_title":"Privacy Policy - Ecurie Christel Boulard : Formation et valorisation des chevaux","og_description":"[vc_row][vc_column][vc_column_text text_color=&#8221;color-146390&#8243; uncode_shortcode_id=&#8221;207840&#8243; text_color_type=&#8221;uncode-palette&#8221;] &#13; Who are we? &#13; L\u2019adresse de notre site Web est : www.ecurie-christel-boulard.fr &nbsp; &#13; Use [&hellip;]","og_url":"https:\/\/www.ecurie-christel-boulard.fr\/en\/privacy-policy\/","og_site_name":"Ecurie Christel Boulard : Formation et valorisation des chevaux","article_publisher":"https:\/\/www.facebook.com\/christel.boulard","article_modified_time":"2022-12-08T10:58:55+00:00","og_image":[{"width":512,"height":512,"url":"https:\/\/www.ecurie-christel-boulard.fr\/wp-content\/uploads\/2019\/07\/cropped-christelboulard-2.png","type":"image\/png"}],"twitter_card":"summary_large_image","twitter_misc":{"Est. reading time":"6 minutes"},"schema":{"@context":"https:\/\/schema.org","@graph":[{"@type":"WebPage","@id":"https:\/\/www.ecurie-christel-boulard.fr\/en\/privacy-policy\/","url":"https:\/\/www.ecurie-christel-boulard.fr\/en\/privacy-policy\/","name":"Privacy Policy - Ecurie Christel Boulard : Formation et valorisation des chevaux","isPartOf":{"@id":"https:\/\/www.ecurie-christel-boulard.fr\/en\/#website"},"primaryImageOfPage":{"@id":"https:\/\/www.ecurie-christel-boulard.fr\/en\/privacy-policy\/#primaryimage"},"image":{"@id":"https:\/\/www.ecurie-christel-boulard.fr\/en\/privacy-policy\/#primaryimage"},"thumbnailUrl":"https:\/\/www.ecurie-christel-boulard.fr\/wp-content\/uploads\/2019\/07\/cropped-christelboulard-2.png","datePublished":"2019-07-24T13:48:25+00:00","dateModified":"2022-12-08T10:58:55+00:00","breadcrumb":{"@id":"https:\/\/www.ecurie-christel-boulard.fr\/en\/privacy-policy\/#breadcrumb"},"inLanguage":"en-US","potentialAction":[{"@type":"ReadAction","target":["https:\/\/www.ecurie-christel-boulard.fr\/en\/privacy-policy\/"]}]},{"@type":"ImageObject","inLanguage":"en-US","@id":"https:\/\/www.ecurie-christel-boulard.fr\/en\/privacy-policy\/#primaryimage","url":"https:\/\/www.ecurie-christel-boulard.fr\/wp-content\/uploads\/2019\/07\/cropped-christelboulard-2.png","contentUrl":"https:\/\/www.ecurie-christel-boulard.fr\/wp-content\/uploads\/2019\/07\/cropped-christelboulard-2.png","width":512,"height":512},{"@type":"BreadcrumbList","@id":"https:\/\/www.ecurie-christel-boulard.fr\/en\/privacy-policy\/#breadcrumb","itemListElement":[{"@type":"ListItem","position":1,"name":"Accueil","item":"https:\/\/www.ecurie-christel-boulard.fr\/en\/"},{"@type":"ListItem","position":2,"name":"Privacy Policy"}]},{"@type":"WebSite","@id":"https:\/\/www.ecurie-christel-boulard.fr\/en\/#website","url":"https:\/\/www.ecurie-christel-boulard.fr\/en\/","name":"Ecurie Christel Boulard : Formation et valorisation des chevaux","description":"CHRISTEL BOULARD CAVALI\u00c8RE DE SAUTS D\u2019OBSTACLES DE PREMI\u00c8RE CAT\u00c9GORIE DEPUIS 1995","publisher":{"@id":"https:\/\/www.ecurie-christel-boulard.fr\/en\/#organization"},"alternateName":"CHRISTEL BOULARD UNE CAVALIERE DE HAUT NIVEAU \u00c0 VOTRE SERVICE","potentialAction":[{"@type":"SearchAction","target":{"@type":"EntryPoint","urlTemplate":"https:\/\/www.ecurie-christel-boulard.fr\/en\/?s={search_term_string}"},"query-input":{"@type":"PropertyValueSpecification","valueRequired":true,"valueName":"search_term_string"}}],"inLanguage":"en-US"},{"@type":"Organization","@id":"https:\/\/www.ecurie-christel-boulard.fr\/en\/#organization","name":"Ecurie Christel Boulard","alternateName":"CHRISTEL BOULARD UNE CAVALIERE DE HAUT NIVEAU \u00c0 VOTRE SERVICE","url":"https:\/\/www.ecurie-christel-boulard.fr\/en\/","logo":{"@type":"ImageObject","inLanguage":"en-US","@id":"https:\/\/www.ecurie-christel-boulard.fr\/en\/#\/schema\/logo\/image\/","url":"https:\/\/www.ecurie-christel-boulard.fr\/wp-content\/uploads\/2022\/12\/Ecurie-Christel-Boulard-Formation-et-valorisation-des-chevaux-\u2013-CHRISTEL-BOULARD-CAVALIERE-DE-SAUTS-DOBSTACLES-DE-PREMIERE-CATEGORIE-DEPUIS-1995.jpg","contentUrl":"https:\/\/www.ecurie-christel-boulard.fr\/wp-content\/uploads\/2022\/12\/Ecurie-Christel-Boulard-Formation-et-valorisation-des-chevaux-\u2013-CHRISTEL-BOULARD-CAVALIERE-DE-SAUTS-DOBSTACLES-DE-PREMIERE-CATEGORIE-DEPUIS-1995.jpg","width":1200,"height":525,"caption":"Ecurie Christel Boulard"},"image":{"@id":"https:\/\/www.ecurie-christel-boulard.fr\/en\/#\/schema\/logo\/image\/"},"sameAs":["https:\/\/www.facebook.com\/christel.boulard","https:\/\/www.instagram.com\/christelboulard\/"]}]}},"_links":{"self":[{"href":"https:\/\/www.ecurie-christel-boulard.fr\/en\/wp-json\/wp\/v2\/pages\/80310","targetHints":{"allow":["GET"]}}],"collection":[{"href":"https:\/\/www.ecurie-christel-boulard.fr\/en\/wp-json\/wp\/v2\/pages"}],"about":[{"href":"https:\/\/www.ecurie-christel-boulard.fr\/en\/wp-json\/wp\/v2\/types\/page"}],"author":[{"embeddable":true,"href":"https:\/\/www.ecurie-christel-boulard.fr\/en\/wp-json\/wp\/v2\/users\/1"}],"replies":[{"embeddable":true,"href":"https:\/\/www.ecurie-christel-boulard.fr\/en\/wp-json\/wp\/v2\/comments?post=80310"}],"version-history":[{"count":0,"href":"https:\/\/www.ecurie-christel-boulard.fr\/en\/wp-json\/wp\/v2\/pages\/80310\/revisions"}],"wp:featuredmedia":[{"embeddable":true,"href":"https:\/\/www.ecurie-christel-boulard.fr\/en\/wp-json\/wp\/v2\/media\/80133"}],"wp:attachment":[{"href":"https:\/\/www.ecurie-christel-boulard.fr\/en\/wp-json\/wp\/v2\/media?parent=80310"}],"curies":[{"name":"wp","href":"https:\/\/api.w.org\/{rel}","templated":true}]}}